{"id":3158,"date":"2019-10-28T16:19:33","date_gmt":"2019-10-28T15:19:33","guid":{"rendered":"https:\/\/stelvio-umbrail.ch\/vsuhp\/?page_id=3158"},"modified":"2026-02-10T07:39:54","modified_gmt":"2026-02-10T06:39:54","slug":"museum-14-18","status":"publish","type":"page","link":"https:\/\/stelvio-umbrail.ch\/vsuhp\/museum-14-18\/","title":{"rendered":"Museum 14\/18"},"content":{"rendered":"<div class=\"wpb-content-wrapper\">[vc_row type=\u201cvc_default\u201c][vc_column css=\u201c.vc_custom_1498229431694{padding-bottom: 50px !important;}\u201c]<div id=\"ultimate-heading-420369f20f6c38a7f\" class=\"uvc-heading ult-adjust-bottom-margin ultimate-heading-420369f20f6c38a7f uvc-3007 \" data-hspacer=\"no_spacer\" data-halign=\"left\" style=\"text-align:left\"><div class=\"uvc-heading-spacer no_spacer\" style=\"top\"><\/div><div class=\"uvc-sub-heading ult-responsive\" data-ultimate-target=\".uvc-heading.ultimate-heading-420369f20f6c38a7f .uvc-sub-heading \" data-responsive-json-new='{\"font-size\":\"\",\"line-height\":\"\"}' style=\"font-weight:normal;\">\n<h3>Willkommen im \u00abMUSEUM 14\/18\u00bb<\/h3>\n<\/div><\/div>[vc_column_text css=\u201c\u201c]Das \u201eMUSEUM 14\/18\u201c \u2013 im Gew\u00f6lbekeller der Chasa Plaz in Sta. Maria \u2013 wurde im Jahr 2007 er\u00f6ffnet. Dank dem grossz\u00fcgigen Entgegenkommen der Gemeinde war es dem \u201eVEREIN STELVIO-UMBRAIL 14\/18\u201c m\u00f6glich im Tal ein ansprechendes Informationszentrum zur Kriegsgeschichte auf dem Stilfserjoch und insbesondere der Bedeutung der Schweizerischen Grenzbesetzung zu gestalten.\n<p>Besuchen Sie die Ausstellung<\/p>\n<ul>\n<li style=\"list-style-type: none;\">\n<ul>\n<li style=\"list-style-type: none;\">\n<ul>\n<li>zur thematischen Vorbereitung Ihrer Spurensuche im ehemaligen Kriegsgebiet;<\/li>\n<li>zur Nachbereitung ihrer bereits erfolgten Spurensuche;<\/li>\n<li>zur Erweiterung Ihres Geschichtsverst\u00e4ndnisses oder einfach<\/li>\n<li>aus purer Neugierde<\/li>\n<\/ul>\n<\/li>\n<\/ul>\n<\/li>\n<\/ul>\n<p>Seit 2016 ist das \u201eMUSEUM 14\/18\u201c Mitglied des <a href=\"https:\/\/www.museums.ch\/org\/de\/Museum1418-7536\" target=\"_blank\" rel=\"noopener noreferrer\">Verbandes der Museen der Schweiz<\/a> (VMS)<\/p>\n<p><img loading=\"lazy\" decoding=\"async\" class=\"alignnone size-medium wp-image-3164\" src=\"https:\/\/stelvio-umbrail.ch\/vsuhp\/wp-content\/uploads\/2019\/10\/VMS_AMS_sw_400-1-300x90.jpg\" alt=\"\" width=\"300\" height=\"90\" srcset=\"https:\/\/stelvio-umbrail.ch\/vsuhp\/wp-content\/uploads\/2019\/10\/VMS_AMS_sw_400-1-300x90.jpg 300w, https:\/\/stelvio-umbrail.ch\/vsuhp\/wp-content\/uploads\/2019\/10\/VMS_AMS_sw_400-1.jpg 420w\" sizes=\"auto, (max-width: 300px) 100vw, 300px\"><\/p>\n<p><a href=\"https:\/\/www.ginto.guide\/entries\/de8d1e9f-9d02-461b-9c2d-36bbe9c41602?lnk_src=business\" target=\"_blank\" rel=\"noopener\"><img loading=\"lazy\" decoding=\"async\" class=\"alignnone wp-image-10047 size-full\" src=\"https:\/\/stelvio-umbrail.ch\/vsuhp\/wp-content\/uploads\/2023\/04\/okgotext.png\" alt=\"\" width=\"600\" height=\"65\" srcset=\"https:\/\/stelvio-umbrail.ch\/vsuhp\/wp-content\/uploads\/2023\/04\/okgotext.png 600w, https:\/\/stelvio-umbrail.ch\/vsuhp\/wp-content\/uploads\/2023\/04\/okgotext-300x33.png 300w\" sizes=\"auto, (max-width: 600px) 100vw, 600px\"><\/a><\/p>\n<p>Das MUSEUM 14\/18 ist in den Sommermonaten (Anfang Juni \u2013 Mitte Oktober) jeweils Dienstags und Freitags, in der Hochsaison (Anfang Juli \u2013 Mitte August) auch Samstags von 1700-1900 ge\u00f6ffnet. Die F\u00fchrung beginnt 17.15 Uhr. <a href=\"https:\/\/stelvio-umbrail.ch\/vsuhp\/museum-aktuell-oeffnungszeiten\/\">Die genauen \u00d6ffnungszeiten f\u00fcr das laufende Jahr erfahren Sie \u00fcber diesen Link.<\/a><\/p>\n<p>F\u00fcr Gruppen ab sechs Personen (oder Einzelpersonen gegen Aufpreis) \u00f6ffnen wir die T\u00fcre auch ausserhalb der ordentlichen \u00d6ffnungszeiten auf Anfrage.[\/vc_column_text][vc_separator color=\u201ccustom\u201c css=\u201c.vc_custom_1572183493988{margin-top: 20px !important;}\u201c accent_color=\u201c#37751e\u201c][\/vc_column][\/vc_row][vc_row full_width=\u201cstretch_row\u201c equal_height=\u201cyes\u201c css=\u201c.vc_custom_1577289133185{margin-bottom: 10px !important;}\u201c][vc_column][vc_single_image image=\u201c4989\u2033 img_size=\u201cfull\u201c][\/vc_column][\/vc_row][vc_row type=\u201cvc_default\u201c css=\u201c.vc_custom_1572190198712{margin-bottom: 10px !important;}\u201c][vc_column css=\u201c.vc_custom_1572275926187{margin-top: 30px !important;margin-bottom: 30px !important;}\u201c][vc_column_text css=\u201c.vc_custom_1577288973438{padding-top: 10px !important;padding-right: 10px !important;padding-bottom: 10px !important;padding-left: 10px !important;background-color: #f9f9f9 !important;}\u201c]\n<\/p><h3>Die Chasa Plaz<\/h3>\n<p>Das Geb\u00e4ude stammt wohl aus dem sp\u00e4ten 15. Jahrhundert, k\u00f6nnte also zur Zeit der Calvenschlacht 1499 bereits existiert haben. Ein Datumsvermerk (1538) findet sich als Anschrift auf der st\u00e4mmigen Mittels\u00e4ule des Gew\u00f6lbekellers, in welchem sich das Museum 14\/18 heute befindet. Entsprechend vermittelt es nicht nur die Geschichte des jungen 20. Jahrhunderts: es ist selbst ein Zeuge der Geschichte.<\/p>\n<p>Das Haus weist im Erdgeschoss eine f\u00fcr die Zwecke des Saumverkehrs bestimmte Eingangshalle, deren Gew\u00f6lbe auf der erw\u00e4hnten Mittels\u00e4ule ruhen. R\u00fcckw\u00e4rts schlossen sich die Pferdest\u00e4lle an.<\/p>\n<p>In den Obergeschossen finden sich <i>Stuckdecken<\/i> um 1720 und wertvolles Mobiliar aus dieser Zeit. In diesen R\u00e4umlichkeiten befindet sich heute die Jugendherberge St. Maria.<\/p>\n<p>Seit vielen Jahren werden im \u201cHaus der Webstube\u201d keine Textilien mehr hergestellt. Noch viel l\u00e4nger ist es her, dass in der Eingangshalle G\u00fcter des pass\u00fcberschreitenden Saumverkehrs zwischengelagert wurden. Salz aus dem Norden und Wein aus dem S\u00fcden fanden hier ihr ihren Umschlagplatz.<\/p>\n<p>Sicher wurden die R\u00e4umlichkeiten als Lagerraum w\u00e4hrend des Ersten Weltkriegs durch die Truppen benutzt, genau so, wie dies noch Ende des 20. Jahrhunderts durch Schweizer Truppen erfolgte, welche in der Val M\u00fcstair ihre Rekrutenschule oder Wiederholungskurse absolvierten.[\/vc_column_text][\/vc_column][\/vc_row][vc_row type=\u201cvc_default\u201c css=\u201c.vc_custom_1572189512192{margin-bottom: 10px !important;}\u201c][vc_column][vc_empty_space][vc_row_inner][vc_column_inner width=\u201c1\/2\u2033][vc_single_image image=\u201c2555\u2033 img_size=\u201c800\u00d7600\u2033 onclick=\u201clink_image\u201c][\/vc_column_inner][vc_column_inner width=\u201c1\/2\u2033][vc_single_image image=\u201c2554\u2033 img_size=\u201c800\u00d7600\u2033 onclick=\u201clink_image\u201c][\/vc_column_inner][\/vc_row_inner][vc_empty_space]<\/p><div id=\"ultimate-heading-974069f20f6c38c21\" class=\"uvc-heading ult-adjust-bottom-margin ultimate-heading-974069f20f6c38c21 uvc-8465  uvc-heading-default-font-sizes\" data-hspacer=\"line_with_icon\" data-hline_width=\"auto\" data-hicon_type=\"custom\" data-hborder_style=\"solid\" data-hborder_height=\"1\" data-hborder_color=\"#ccc\" data-icon_width=\"48\" data-hfixer=\"10\" data-halign=\"center\" style=\"text-align:center\"><div class=\"uvc-heading-spacer line_with_icon\" style=\"top\"><div class=\"ult-just-icon-wrapper  \"><div class=\"align-icon\" style=\"text-align:center;\">\n<div class=\"aio-icon-img \" style=\"font-size:48px;display:inline-block;\">\n\t<img decoding=\"async\" class=\"img-icon\" alt=\"null\" src=\"https:\/\/stelvio-umbrail.ch\/vsuhp\/wp-content\/uploads\/2019\/09\/apple-touch-icon-72x72-e1659764144230.png\">\n<\/div><\/div><\/div><\/div><\/div>[\/vc_column][\/vc_row][vc_row type=\u201cvc_default\u201c full_width=\u201cstretch_row\u201c bg_type=\u201cbg_color\u201c css=\u201c.vc_custom_1572184266075{margin-top: 40px !important;padding-top: 60px !important;padding-bottom: 70px !important;}\u201c bg_color_value=\u201c#f5f5f5\u2033][vc_column]<div id=\"ultimate-heading-841169f20f6c38c4c\" class=\"uvc-heading ult-adjust-bottom-margin ultimate-heading-841169f20f6c38c4c uvc-2901 color-title accent-title-color\" data-hspacer=\"no_spacer\" data-halign=\"center\" style=\"text-align:center\"><div class=\"uvc-heading-spacer no_spacer\" style=\"top\"><\/div><div class=\"uvc-main-heading ult-responsive\" data-ultimate-target=\".uvc-heading.ultimate-heading-841169f20f6c38c4c h2\" data-responsive-json-new='{\"font-size\":\"desktop:40px;tablet_portrait:20px;\",\"line-height\":\"desktop:46px;tablet_portrait:26px;\"}'><h2 style=\"font-family:'Open Sans Condensed';font-weight:700;margin-bottom:10px;\">M\u00f6chten Sie das Museum ausserhalb der offiziellen \u00d6ffnungszeiten besuchen?<\/h2><\/div><div class=\"uvc-sub-heading ult-responsive\" data-ultimate-target=\".uvc-heading.ultimate-heading-841169f20f6c38c4c .uvc-sub-heading \" data-responsive-json-new='{\"font-size\":\"desktop:30px;tablet_portrait:40px;\",\"line-height\":\"desktop:76px;tablet_portrait:46px;\"}' style=\"font-family:'Open Sans Condensed';font-weight:700;\">Kontaktieren Sie uns unverbindlich!<\/div><\/div><style type=\"text\/css\" data-type=\"the7_shortcodes-inline-css\">#default-btn-0de41b085bb31c226a5a08ad25bfe150.ico-right-side > i {\n  margin-right: 0px;\n  margin-left: 8px;\n}\n#default-btn-0de41b085bb31c226a5a08ad25bfe150 > i {\n  margin-right: 8px;\n}<\/style><div class=\"btn-align-center\"><a href=\"https:\/\/stelvio-umbrail.ch\/vsuhp\/kontakt\/#!\/museum\" class=\"default-btn-shortcode dt-btn dt-btn-l link-hover-off  vc_custom_1711598556983\" id=\"default-btn-0de41b085bb31c226a5a08ad25bfe150\" style=\"width:400px;\" title=\"MUSEUM\"><span>So erreichen Sie uns.<\/span><\/a><\/div>[\/vc_column][\/vc_row][vc_row type=\u201cvc_default\u201c css=\u201c.vc_custom_1572185363958{margin-top: 30px !important;}\u201c][vc_column]<style type=\"text\/css\" data-type=\"the7_shortcodes-inline-css\">.gallery-shortcode.gallery-photos-masonry-shortcode-id-4c1e1b2080ca3d581a26c7839933ceae figure,\n.gallery-shortcode.gallery-photos-masonry-shortcode-id-4c1e1b2080ca3d581a26c7839933ceae .rollover,\n.gallery-shortcode.gallery-photos-masonry-shortcode-id-4c1e1b2080ca3d581a26c7839933ceae img,\n.gallery-shortcode.gallery-photos-masonry-shortcode-id-4c1e1b2080ca3d581a26c7839933ceae .gallery-rollover {\n  border-radius: 0px;\n}\n.gallery-shortcode.gallery-photos-masonry-shortcode-id-4c1e1b2080ca3d581a26c7839933ceae.enable-bg-rollover .gallery-rollover {\n  background: -webkit-linear-gradient();\n  background: linear-gradient();\n}\n.gallery-shortcode.gallery-photos-masonry-shortcode-id-4c1e1b2080ca3d581a26c7839933ceae.enable-bg-rollover.hover-scale .rollover:after {\n  background: -webkit-linear-gradient();\n  background: linear-gradient();\n}\n.gallery-shortcode.gallery-photos-masonry-shortcode-id-4c1e1b2080ca3d581a26c7839933ceae .gallery-zoom-ico {\n  width: 44px;\n  height: 44px;\n  line-height: 44px;\n  border-radius: 100px;\n  margin: -22px 0 0 -22px;\n  border-width: 0px;\n}\n.dt-icon-bg-on.gallery-shortcode.gallery-photos-masonry-shortcode-id-4c1e1b2080ca3d581a26c7839933ceae .gallery-zoom-ico {\n  background: rgba(255,255,255,0.3);\n  -webkit-box-shadow: none;\n  box-shadow: none;\n}\n.gallery-shortcode.gallery-photos-masonry-shortcode-id-4c1e1b2080ca3d581a26c7839933ceae .gallery-zoom-ico:before,\n.gallery-shortcode.gallery-photos-masonry-shortcode-id-4c1e1b2080ca3d581a26c7839933ceae .gallery-zoom-ico span {\n  font-size: 32px;\n  line-height: 44px;\n  color: #ffffff;\n}\n.gallery-shortcode.gallery-photos-masonry-shortcode-id-4c1e1b2080ca3d581a26c7839933ceae:not(.resize-by-browser-width) .dt-css-grid {\n  grid-row-gap: 10px;\n  grid-column-gap: 10px;\n  grid-template-columns: repeat(auto-fill,minmax(,1fr));\n}\n.gallery-shortcode.gallery-photos-masonry-shortcode-id-4c1e1b2080ca3d581a26c7839933ceae:not(.resize-by-browser-width) .dt-css-grid .double-width {\n  grid-column: span 2;\n}\n.cssgridlegacy.no-cssgrid .gallery-shortcode.gallery-photos-masonry-shortcode-id-4c1e1b2080ca3d581a26c7839933ceae:not(.resize-by-browser-width) .dt-css-grid,\n.no-cssgridlegacy.no-cssgrid .gallery-shortcode.gallery-photos-masonry-shortcode-id-4c1e1b2080ca3d581a26c7839933ceae:not(.resize-by-browser-width) .dt-css-grid {\n  display: flex;\n  flex-flow: row wrap;\n  margin: -5px;\n}\n.cssgridlegacy.no-cssgrid .gallery-shortcode.gallery-photos-masonry-shortcode-id-4c1e1b2080ca3d581a26c7839933ceae:not(.resize-by-browser-width) .dt-css-grid .wf-cell,\n.no-cssgridlegacy.no-cssgrid .gallery-shortcode.gallery-photos-masonry-shortcode-id-4c1e1b2080ca3d581a26c7839933ceae:not(.resize-by-browser-width) .dt-css-grid .wf-cell {\n  flex: 1 0 ;\n  max-width: 100%;\n  padding: 5px;\n  box-sizing: border-box;\n}\n.gallery-shortcode.gallery-photos-masonry-shortcode-id-4c1e1b2080ca3d581a26c7839933ceae.resize-by-browser-width .dt-css-grid {\n  grid-template-columns: repeat(6,1fr);\n  grid-template-rows: auto;\n  grid-column-gap: 10px;\n  grid-row-gap: 10px;\n}\n.gallery-shortcode.gallery-photos-masonry-shortcode-id-4c1e1b2080ca3d581a26c7839933ceae.resize-by-browser-width .dt-css-grid .double-width {\n  grid-column: span 2;\n}\n.cssgridlegacy.no-cssgrid .gallery-shortcode.gallery-photos-masonry-shortcode-id-4c1e1b2080ca3d581a26c7839933ceae.resize-by-browser-width .dt-css-grid {\n  margin: -5px;\n}\n.cssgridlegacy.no-cssgrid .gallery-shortcode.gallery-photos-masonry-shortcode-id-4c1e1b2080ca3d581a26c7839933ceae.resize-by-browser-width .dt-css-grid .wf-cell {\n  width: 16.666666666667%;\n  padding: 5px;\n}\n.cssgridlegacy.no-cssgrid .gallery-shortcode.gallery-photos-masonry-shortcode-id-4c1e1b2080ca3d581a26c7839933ceae.resize-by-browser-width .dt-css-grid .wf-cell.double-width {\n  width: calc(16.666666666667%) * 2;\n}\n.gallery-shortcode.gallery-photos-masonry-shortcode-id-4c1e1b2080ca3d581a26c7839933ceae.resize-by-browser-width:not(.centered-layout-list):not(.content-bg-on) .dt-css-grid {\n  grid-row-gap: 10px - ;\n}\n@media screen and (max-width: 1199px) {\n  .gallery-shortcode.gallery-photos-masonry-shortcode-id-4c1e1b2080ca3d581a26c7839933ceae.resize-by-browser-width .dt-css-grid {\n    grid-template-columns: repeat(3,1fr);\n  }\n  .cssgridlegacy.no-cssgrid .gallery-shortcode.gallery-photos-masonry-shortcode-id-4c1e1b2080ca3d581a26c7839933ceae.resize-by-browser-width .dt-css-grid .wf-cell,\n  .no-cssgridlegacy.no-cssgrid .gallery-shortcode.gallery-photos-masonry-shortcode-id-4c1e1b2080ca3d581a26c7839933ceae.resize-by-browser-width .dt-css-grid .wf-cell {\n    width: 33.333333333333%;\n  }\n  .cssgridlegacy.no-cssgrid .gallery-shortcode.gallery-photos-masonry-shortcode-id-4c1e1b2080ca3d581a26c7839933ceae.resize-by-browser-width .dt-css-grid .wf-cell.double-width,\n  .no-cssgridlegacy.no-cssgrid .gallery-shortcode.gallery-photos-masonry-shortcode-id-4c1e1b2080ca3d581a26c7839933ceae.resize-by-browser-width .dt-css-grid .wf-cell.double-width {\n    width: calc(33.333333333333%)*2;\n  }\n}\n@media screen and (max-width: 991px) {\n  .gallery-shortcode.gallery-photos-masonry-shortcode-id-4c1e1b2080ca3d581a26c7839933ceae.resize-by-browser-width .dt-css-grid {\n    grid-template-columns: repeat(3,1fr);\n  }\n  .cssgridlegacy.no-cssgrid .gallery-shortcode.gallery-photos-masonry-shortcode-id-4c1e1b2080ca3d581a26c7839933ceae.resize-by-browser-width .dt-css-grid .wf-cell,\n  .no-cssgridlegacy.no-cssgrid .gallery-shortcode.gallery-photos-masonry-shortcode-id-4c1e1b2080ca3d581a26c7839933ceae.resize-by-browser-width .dt-css-grid .wf-cell {\n    width: 33.333333333333%;\n  }\n  .cssgridlegacy.no-cssgrid .gallery-shortcode.gallery-photos-masonry-shortcode-id-4c1e1b2080ca3d581a26c7839933ceae.resize-by-browser-width .dt-css-grid .wf-cell.double-width,\n  .no-cssgridlegacy.no-cssgrid .gallery-shortcode.gallery-photos-masonry-shortcode-id-4c1e1b2080ca3d581a26c7839933ceae.resize-by-browser-width .dt-css-grid .wf-cell.double-width {\n    width: calc(33.333333333333%)*2;\n  }\n}\n@media screen and (max-width: 767px) {\n  .gallery-shortcode.gallery-photos-masonry-shortcode-id-4c1e1b2080ca3d581a26c7839933ceae.resize-by-browser-width .dt-css-grid {\n    grid-template-columns: repeat(2,1fr);\n  }\n  .cssgridlegacy.no-cssgrid .gallery-shortcode.gallery-photos-masonry-shortcode-id-4c1e1b2080ca3d581a26c7839933ceae.resize-by-browser-width .dt-css-grid .wf-cell,\n  .no-cssgridlegacy.no-cssgrid .gallery-shortcode.gallery-photos-masonry-shortcode-id-4c1e1b2080ca3d581a26c7839933ceae.resize-by-browser-width .dt-css-grid .wf-cell {\n    width: 50%;\n  }\n  .cssgridlegacy.no-cssgrid .gallery-shortcode.gallery-photos-masonry-shortcode-id-4c1e1b2080ca3d581a26c7839933ceae.resize-by-browser-width .dt-css-grid .wf-cell.double-width,\n  .no-cssgridlegacy.no-cssgrid .gallery-shortcode.gallery-photos-masonry-shortcode-id-4c1e1b2080ca3d581a26c7839933ceae.resize-by-browser-width .dt-css-grid .wf-cell.double-width {\n    width: calc(50%)*2;\n  }\n}<\/style><div class=\"gallery-shortcode album-gallery-shortcode dt-gallery-container gallery-photos-masonry-shortcode-id-4c1e1b2080ca3d581a26c7839933ceae mode-grid jquery-filter dt-icon-bg-off quick-scale-img dt-css-grid-wrap enable-bg-rollover resize-by-browser-width  hover-fade loading-effect-none description-on-hover\" data-padding=\"5px\" data-cur-page=\"1\" data-post-limit=\"-1\" data-pagination-mode=\"none\" data-desktop-columns-num=\"6\" data-v-tablet-columns-num=\"3\" data-h-tablet-columns-num=\"3\" data-phone-columns-num=\"2\" data-width=\"0px\" data-columns=\"0\"><div class=\"dt-css-grid\"><div class=\"visible wf-cell\" data-post-id=\"3778\" data-date=\"2019-12-26T17:28:00+01:00\" data-name=\"DSP 10\"><article class=\"post visible post-3778 attachment type-attachment status-inherit hentry no-img\"><a href=\"https:\/\/stelvio-umbrail.ch\/vsuhp\/wp-content\/uploads\/2019\/12\/DSP_10.jpg\" class=\"rollover-click-target rollover dt-pswp-item\" data-dt-img-description=\"\" data-large_image_width=\"819\" data-large_image_height=\"600\"><img loading=\"lazy\" decoding=\"async\" class=\"preload-me aspect\" src=\"https:\/\/stelvio-umbrail.ch\/vsuhp\/wp-content\/uploads\/2019\/12\/DSP_10-379x379.jpg\" srcset=\"https:\/\/stelvio-umbrail.ch\/vsuhp\/wp-content\/uploads\/2019\/12\/DSP_10-379x379.jpg 379w, https:\/\/stelvio-umbrail.ch\/vsuhp\/wp-content\/uploads\/2019\/12\/DSP_10-569x569.jpg 569w\" style=\"--ratio: 379 \/ 379\" sizes=\"auto, (max-width: 379px) 100vw, 379px\" alt=\"\" width=\"379\" height=\"379\"><span class=\"gallery-rollover\"><span class=\"gallery-zoom-ico icomoon-the7-font-the7-zoom-06\"><span><\/span><\/span><\/span><\/a><\/article><\/div><div class=\"visible wf-cell\" data-post-id=\"3777\" data-date=\"2019-12-26T17:27:57+01:00\" data-name=\"DSP 05\"><article class=\"post visible post-3777 attachment type-attachment status-inherit hentry no-img\"><a href=\"https:\/\/stelvio-umbrail.ch\/vsuhp\/wp-content\/uploads\/2019\/12\/DSP_05.jpg\" class=\"rollover-click-target rollover dt-pswp-item\" data-dt-img-description=\"\" data-large_image_width=\"819\" data-large_image_height=\"600\"><img loading=\"lazy\" decoding=\"async\" class=\"preload-me aspect\" src=\"https:\/\/stelvio-umbrail.ch\/vsuhp\/wp-content\/uploads\/2019\/12\/DSP_05-379x379.jpg\" srcset=\"https:\/\/stelvio-umbrail.ch\/vsuhp\/wp-content\/uploads\/2019\/12\/DSP_05-379x379.jpg 379w, https:\/\/stelvio-umbrail.ch\/vsuhp\/wp-content\/uploads\/2019\/12\/DSP_05-569x569.jpg 569w\" style=\"--ratio: 379 \/ 379\" sizes=\"auto, (max-width: 379px) 100vw, 379px\" alt=\"\" width=\"379\" height=\"379\"><span class=\"gallery-rollover\"><span class=\"gallery-zoom-ico icomoon-the7-font-the7-zoom-06\"><span><\/span><\/span><\/span><\/a><\/article><\/div><div class=\"visible wf-cell\" data-post-id=\"3770\" data-date=\"2019-12-26T17:27:44+01:00\" data-name=\"D2X 45\"><article class=\"post visible post-3770 attachment type-attachment status-inherit hentry no-img\"><a href=\"https:\/\/stelvio-umbrail.ch\/vsuhp\/wp-content\/uploads\/2019\/12\/D2X_45.jpg\" class=\"rollover-click-target rollover dt-pswp-item\" data-dt-img-description=\"\" data-large_image_width=\"819\" data-large_image_height=\"600\"><img loading=\"lazy\" decoding=\"async\" class=\"preload-me aspect\" src=\"https:\/\/stelvio-umbrail.ch\/vsuhp\/wp-content\/uploads\/2019\/12\/D2X_45-379x379.jpg\" srcset=\"https:\/\/stelvio-umbrail.ch\/vsuhp\/wp-content\/uploads\/2019\/12\/D2X_45-379x379.jpg 379w, https:\/\/stelvio-umbrail.ch\/vsuhp\/wp-content\/uploads\/2019\/12\/D2X_45-569x569.jpg 569w\" style=\"--ratio: 379 \/ 379\" sizes=\"auto, (max-width: 379px) 100vw, 379px\" alt=\"\" width=\"379\" height=\"379\"><span class=\"gallery-rollover\"><span class=\"gallery-zoom-ico icomoon-the7-font-the7-zoom-06\"><span><\/span><\/span><\/span><\/a><\/article><\/div><div class=\"visible wf-cell\" data-post-id=\"3773\" data-date=\"2019-12-26T17:27:51+01:00\" data-name=\"DSC01234\"><article class=\"post visible post-3773 attachment type-attachment status-inherit hentry no-img\"><a href=\"https:\/\/stelvio-umbrail.ch\/vsuhp\/wp-content\/uploads\/2019\/12\/DSC01234.jpg\" class=\"rollover-click-target rollover dt-pswp-item\" data-dt-img-description=\"\" data-large_image_width=\"819\" data-large_image_height=\"600\"><img loading=\"lazy\" decoding=\"async\" class=\"preload-me aspect\" src=\"https:\/\/stelvio-umbrail.ch\/vsuhp\/wp-content\/uploads\/2019\/12\/DSC01234-379x379.jpg\" srcset=\"https:\/\/stelvio-umbrail.ch\/vsuhp\/wp-content\/uploads\/2019\/12\/DSC01234-379x379.jpg 379w, https:\/\/stelvio-umbrail.ch\/vsuhp\/wp-content\/uploads\/2019\/12\/DSC01234-569x569.jpg 569w\" style=\"--ratio: 379 \/ 379\" sizes=\"auto, (max-width: 379px) 100vw, 379px\" alt=\"\" width=\"379\" height=\"379\"><span class=\"gallery-rollover\"><span class=\"gallery-zoom-ico icomoon-the7-font-the7-zoom-06\"><span><\/span><\/span><\/span><\/a><\/article><\/div><div class=\"visible wf-cell\" data-post-id=\"3774\" data-date=\"2019-12-26T17:27:52+01:00\" data-name=\"DSC01247\"><article class=\"post visible post-3774 attachment type-attachment status-inherit hentry no-img\"><a href=\"https:\/\/stelvio-umbrail.ch\/vsuhp\/wp-content\/uploads\/2019\/12\/DSC01247.jpg\" class=\"rollover-click-target rollover dt-pswp-item\" data-dt-img-description=\"\" data-large_image_width=\"819\" data-large_image_height=\"600\"><img loading=\"lazy\" decoding=\"async\" class=\"preload-me aspect\" src=\"https:\/\/stelvio-umbrail.ch\/vsuhp\/wp-content\/uploads\/2019\/12\/DSC01247-379x379.jpg\" srcset=\"https:\/\/stelvio-umbrail.ch\/vsuhp\/wp-content\/uploads\/2019\/12\/DSC01247-379x379.jpg 379w, https:\/\/stelvio-umbrail.ch\/vsuhp\/wp-content\/uploads\/2019\/12\/DSC01247-569x569.jpg 569w\" style=\"--ratio: 379 \/ 379\" sizes=\"auto, (max-width: 379px) 100vw, 379px\" alt=\"\" width=\"379\" height=\"379\"><span class=\"gallery-rollover\"><span class=\"gallery-zoom-ico icomoon-the7-font-the7-zoom-06\"><span><\/span><\/span><\/span><\/a><\/article><\/div><div class=\"visible wf-cell\" data-post-id=\"3772\" data-date=\"2019-12-26T17:27:48+01:00\" data-name=\"DSC 0028\"><article class=\"post visible post-3772 attachment type-attachment status-inherit hentry no-img\"><a href=\"https:\/\/stelvio-umbrail.ch\/vsuhp\/wp-content\/uploads\/2019\/12\/DSC_0028.jpg\" class=\"rollover-click-target rollover dt-pswp-item\" data-dt-img-description=\"\" data-large_image_width=\"819\" data-large_image_height=\"600\"><img loading=\"lazy\" decoding=\"async\" class=\"preload-me aspect\" src=\"https:\/\/stelvio-umbrail.ch\/vsuhp\/wp-content\/uploads\/2019\/12\/DSC_0028-379x379.jpg\" srcset=\"https:\/\/stelvio-umbrail.ch\/vsuhp\/wp-content\/uploads\/2019\/12\/DSC_0028-379x379.jpg 379w, https:\/\/stelvio-umbrail.ch\/vsuhp\/wp-content\/uploads\/2019\/12\/DSC_0028-569x569.jpg 569w\" style=\"--ratio: 379 \/ 379\" sizes=\"auto, (max-width: 379px) 100vw, 379px\" alt=\"\" width=\"379\" height=\"379\"><span class=\"gallery-rollover\"><span class=\"gallery-zoom-ico icomoon-the7-font-the7-zoom-06\"><span><\/span><\/span><\/span><\/a><\/article><\/div><\/div><!-- iso-container|iso-grid --><\/div>[\/vc_column][\/vc_row]\n<\/div>","protected":false},"excerpt":{"rendered":"<p>[vc_row type=\u201cvc_default\u201c][vc_column css=\u201c.vc_custom_1498229431694{padding-bottom: 50px !important;}\u201c][vc_column_text css=\u201c\u201c]Das \u201eMUSEUM 14\/18\u201c \u2013 im Gew\u00f6lbekeller der Chasa Plaz in Sta. Maria \u2013 wurde im Jahr 2007 er\u00f6ffnet. Dank dem grossz\u00fcgigen Entgegenkommen der Gemeinde war es dem \u201eVEREIN STELVIO-UMBRAIL 14\/18\u201c m\u00f6glich im Tal ein ansprechendes Informationszentrum zur Kriegsgeschichte auf dem Stilfserjoch und insbesondere der Bedeutung der Schweizerischen Grenzbesetzung zu gestalten.&hellip;<\/p>\n","protected":false},"author":1,"featured_media":0,"parent":0,"menu_order":100,"comment_status":"closed","ping_status":"closed","template":"template-microsite.php","meta":{"footnotes":""},"categories":[],"tags":[],"class_list":["post-3158","page","type-page","status-publish","hentry","description-off"],"_links":{"self":[{"href":"https:\/\/stelvio-umbrail.ch\/vsuhp\/wp-json\/wp\/v2\/pages\/3158","targetHints":{"allow":["GET"]}}],"collection":[{"href":"https:\/\/stelvio-umbrail.ch\/vsuhp\/wp-json\/wp\/v2\/pages"}],"about":[{"href":"https:\/\/stelvio-umbrail.ch\/vsuhp\/wp-json\/wp\/v2\/types\/page"}],"author":[{"embeddable":true,"href":"https:\/\/stelvio-umbrail.ch\/vsuhp\/wp-json\/wp\/v2\/users\/1"}],"replies":[{"embeddable":true,"href":"https:\/\/stelvio-umbrail.ch\/vsuhp\/wp-json\/wp\/v2\/comments?post=3158"}],"version-history":[{"count":0,"href":"https:\/\/stelvio-umbrail.ch\/vsuhp\/wp-json\/wp\/v2\/pages\/3158\/revisions"}],"wp:attachment":[{"href":"https:\/\/stelvio-umbrail.ch\/vsuhp\/wp-json\/wp\/v2\/media?parent=3158"}],"wp:term":[{"taxonomy":"category","embeddable":true,"href":"https:\/\/stelvio-umbrail.ch\/vsuhp\/wp-json\/wp\/v2\/categories?post=3158"},{"taxonomy":"post_tag","embeddable":true,"href":"https:\/\/stelvio-umbrail.ch\/vsuhp\/wp-json\/wp\/v2\/tags?post=3158"}],"curies":[{"name":"wp","href":"https:\/\/api.w.org\/{rel}","templated":true}]}}